{"id":165,"date":"2019-11-06T22:00:58","date_gmt":"2019-11-06T21:00:58","guid":{"rendered":"https:\/\/organoscolegiados.anuies.mx\/asambleageneral\/?page_id=165"},"modified":"2020-04-02T08:51:14","modified_gmt":"2020-04-02T06:51:14","slug":"liv-ordinaria","status":"publish","type":"page","link":"https:\/\/organoscolegiados.anuies.mx\/asambleageneral\/liv-ordinaria\/","title":{"rendered":""},"content":{"rendered":"<p style=\"text-align: center\" align=\"center\"><strong><img loading=\"lazy\" decoding=\"async\" class=\"alignnone size-full wp-image-181\" src=\"https:\/\/organoscolegiados.anuies.mx\/asambleageneral\/wp-content\/uploads\/sites\/3\/2019\/11\/cabezalivasamblea.png\" alt=\"\" width=\"1245\" height=\"121\" srcset=\"https:\/\/organoscolegiados.anuies.mx\/asambleageneral\/wp-content\/uploads\/sites\/3\/2019\/11\/cabezalivasamblea.png 1245w, https:\/\/organoscolegiados.anuies.mx\/asambleageneral\/wp-content\/uploads\/sites\/3\/2019\/11\/cabezalivasamblea-300x29.png 300w, https:\/\/organoscolegiados.anuies.mx\/asambleageneral\/wp-content\/uploads\/sites\/3\/2019\/11\/cabezalivasamblea-768x75.png 768w, https:\/\/organoscolegiados.anuies.mx\/asambleageneral\/wp-content\/uploads\/sites\/3\/2019\/11\/cabezalivasamblea-1024x100.png 1024w\" sizes=\"auto, (max-width: 1245px) 100vw, 1245px\" \/>CONVOCATORIA<\/strong><\/p>\n<p style=\"text-align: justify\"><span style=\"color: #333333\">Con fundamento en los art\u00edculos D\u00e9cimo Quinto, Trig\u00e9simo Primero y Trig\u00e9simo Tercero, fracci\u00f3n VI, del Estatuto de la Asociaci\u00f3n Nacional de Universidades e Instituciones de Educaci\u00f3n Superior (ANUIES), se convoca a los titulares de las instituciones que integran la Asamblea General a la LIV Sesi\u00f3n Ordinaria que se realizar\u00e1 el jueves 22 de noviembre de 2018 a partir de las 10:00 horas en el Sal\u00f3n Isla P\u00e1jaros del Centro de Convenciones de Mazatl\u00e1n ubicado en Av. del Delf\u00edn 6303, Fracc. Marina Mazatl\u00e1n, C.P. 82103, Mazatl\u00e1n, Sinaloa, bajo el siguiente:<\/span><\/p>\n<p style=\"text-align: center\"><span style=\"color: #333333\"><b>ORDEN DEL D\u00cdA<\/b><b><\/b><\/span><\/p>\n<p style=\"text-align: justify\"><span style=\"color: #333333\">1.-\u00a0<a style=\"color: #333333\" href=\"https:\/\/organoscolegiados.anuies.mx\/asambleageneral\/wp-content\/uploads\/sites\/3\/2019\/11\/1.-Lista-de-miembros-de-la-AG.pdf\" target=\"_blank\" rel=\"noopener noreferrer\">Lista de asistencia y verificaci\u00f3n de\u00a0<em>qu\u00f3rum.<\/em><\/a><\/span><\/p>\n<p style=\"text-align: justify\"><a href=\"https:\/\/organoscolegiados.anuies.mx\/asambleageneral\/wp-content\/uploads\/sites\/3\/2020\/04\/Aprobaci\u00f3n-del-Orden-del-D\u00eda-LIV.pdf\" target=\"_blank\" rel=\"noopener noreferrer\"><span style=\"color: #333333\">2.-\u00a0Aprobaci\u00f3n del Orden del D\u00eda.<\/span><\/a><\/p>\n<p style=\"text-align: justify\"><a href=\"https:\/\/organoscolegiados.anuies.mx\/asambleageneral\/wp-content\/uploads\/sites\/3\/2020\/03\/Nombramiento-del-Vicepresidente-de-la-sesi\u00f3n.-LIV-1.pdf\" target=\"_blank\" rel=\"noopener noreferrer\"><span style=\"color: #333333\">3.- Nombramiento del Vicepresidente de la Sesi\u00f3n.<\/span><\/a><\/p>\n<p style=\"text-align: justify\"><a href=\"https:\/\/organoscolegiados.anuies.mx\/asambleageneral\/wp-content\/uploads\/sites\/3\/2020\/03\/Elecci\u00f3n-de-do-relatores-y-dos-escrutadores.-LIV-1.pdf\" target=\"_blank\" rel=\"noopener noreferrer\"><span style=\"color: #333333\">4.- Elecci\u00f3n de dos relatores y dos escrutadores.<\/span><\/a><\/p>\n<p style=\"text-align: justify\"><a href=\"https:\/\/organoscolegiados.anuies.mx\/asambleageneral\/wp-content\/uploads\/sites\/3\/2020\/03\/Lectura-y-aprobaci\u00f3n-de-Actas.-LIV-1.pdf\" target=\"_blank\" rel=\"noopener noreferrer\"><span style=\"color: #333333\">5.- Lectura y aprobaci\u00f3n, en su caso, de las actas de las sesiones LIII Ordinaria y XXVIII Extraordinaria.<\/span><\/a><\/p>\n<p style=\"text-align: justify\"><span style=\"color: #333333\">5.1.-\u00a0<a style=\"color: #333333\" href=\"https:\/\/organoscolegiados.anuies.mx\/asambleageneral\/wp-content\/uploads\/sites\/3\/2019\/11\/5.1.-Acta-LIII-SO-AG-IMORA-220618.pdf\" target=\"_blank\" rel=\"noopener noreferrer\">Acta LIII Sesi\u00f3n Ordinaria<\/a><\/span><\/p>\n<p style=\"text-align: justify\"><span style=\"color: #333333\">5.2.-\u00a0 <a style=\"color: #333333\" href=\"https:\/\/organoscolegiados.anuies.mx\/asambleageneral\/wp-content\/uploads\/sites\/3\/2019\/11\/5.2.-Acta-XXVIII-SE-AG-ANUIES-150818.pdf\" target=\"_blank\" rel=\"noopener noreferrer\">Acta XXVIII Sesi\u00f3n Extraordinaria<\/a><\/span><\/p>\n<p style=\"text-align: justify\"><span style=\"color: #333333\">6.-\u00a0<a style=\"color: #333333\" href=\"https:\/\/organoscolegiados.anuies.mx\/asambleageneral\/wp-content\/uploads\/sites\/3\/2019\/11\/6.-Reconocimiento-Dr.-Rodolfo-Tuir\u00e1n.pdf\" target=\"_blank\" rel=\"noopener noreferrer\">Entrega de reconocimiento al Dr. Rodolfo Tuir\u00e1n Guti\u00e9rrez, Subsecretario de Educaci\u00f3n Superior de la SEP.<\/a><\/span><\/p>\n<p style=\"text-align: justify\"><span style=\"color: #333333\">7.-\u00a0<a style=\"color: #333333\" href=\"https:\/\/organoscolegiados.anuies.mx\/asambleageneral\/wp-content\/uploads\/sites\/3\/2019\/11\/7.-Reconocimiento-UANL.pdf\" target=\"_blank\" rel=\"noopener noreferrer\">Entrega de reconocimiento a la Universidad Aut\u00f3noma de Nuevo Le\u00f3n por su 85 Aniversario.<\/a><\/span><\/p>\n<p style=\"text-align: justify\"><a href=\"https:\/\/organoscolegiados.anuies.mx\/asambleageneral\/wp-content\/uploads\/sites\/3\/2020\/03\/Informe-del-CN-solicitudes-de-ingreso-2018.-LIV.pdf\" target=\"_blank\" rel=\"noopener noreferrer\"><span style=\"color: #333333\">8.- An\u00e1lisis y aprobaci\u00f3n, en su caso, del dictamen del Consejo Nacional sobre las solicitudes de ingreso de nuevas asociadas.<\/span><\/a><\/p>\n<p style=\"text-align: justify\"><span style=\"color: #333333\">9.-\u00a0<a style=\"color: #333333\" href=\"https:\/\/organoscolegiados.anuies.mx\/asambleageneral\/wp-content\/uploads\/sites\/3\/2019\/11\/9.-CN-22112018-FINAL.pdf\" target=\"_blank\" rel=\"noopener noreferrer\">Presentaci\u00f3n del informe de resultados de los Foros de Consulta Estatal Participativa celebrados en las UPES.<\/a><\/span><\/p>\n<p style=\"text-align: justify\"><span style=\"color: #333333\">10.-\u00a0<a style=\"color: #333333\" href=\"https:\/\/organoscolegiados.anuies.mx\/asambleageneral\/wp-content\/uploads\/sites\/3\/2019\/11\/10.-Informe-de-actividades-CN-2018.pdf\" target=\"_blank\" rel=\"noopener noreferrer\">Presentaci\u00f3n del informe de actividades 2018 del Consejo Nacional.<\/a><\/span><\/p>\n<p style=\"text-align: justify\"><a href=\"https:\/\/organoscolegiados.anuies.mx\/asambleageneral\/wp-content\/uploads\/sites\/3\/2020\/03\/11.-Reconocimientos-Universiada-2018.-LIV.pdf\" target=\"_blank\" rel=\"noopener noreferrer\"><span style=\"color: #333333\">11.- Entrega de reconocimientos a las instituciones de educaci\u00f3n superior que encabezaron la tabla por puntos y el medallero de la Universiada Nacional 2018.<\/span><\/a><\/p>\n<p style=\"text-align: justify\"><a href=\"https:\/\/organoscolegiados.anuies.mx\/asambleageneral\/wp-content\/uploads\/sites\/3\/2020\/04\/Asuntos-generales-LIV.pdf\" target=\"_blank\" rel=\"noopener noreferrer\"><span style=\"color: #333333\">12.- Asuntos generales.<\/span><\/a><\/p>\n<p style=\"text-align: justify\"><span style=\"color: #333333\"><a style=\"color: #333333\" href=\"https:\/\/organoscolegiados.anuies.mx\/asambleageneral\/wp-content\/uploads\/sites\/3\/2019\/11\/Presentacio\u0301n-resultados-Observatorio.-Versio\u0301n-corregida..pdf\" target=\"_blank\" rel=\"noopener noreferrer\">Observatorio Nacional para la Igualdad de\u00a0G\u00e9nero en las Instituciones de Educaci\u00f3n\u00a0Superior<\/a><\/span><\/p>\n<p style=\"text-align: justify\"><span style=\"color: #333333\"><a style=\"color: #333333\" href=\"https:\/\/organoscolegiados.anuies.mx\/asambleageneral\/wp-content\/uploads\/sites\/3\/2019\/11\/PPT-ANUIES-Asamblea-General-22-11-18.pdf\" target=\"_blank\" rel=\"noopener noreferrer\">Programa J\u00f3venes de Excelencia Citibanamex<\/a><\/span><\/p>\n<p style=\"text-align: justify\"><span style=\"color: #333333\"><a style=\"color: #333333\" href=\"https:\/\/organoscolegiados.anuies.mx\/asambleageneral\/wp-content\/uploads\/sites\/3\/2019\/11\/PRESENTACION-IGLU-AUNIES-3-2.pdf\" target=\"_blank\" rel=\"noopener noreferrer\">Centro IGLU M\u00e9xico-ANUIES<\/a><\/span><\/p>\n","protected":false},"excerpt":{"rendered":"<p>CONVOCATORIA Con fundamento en los art\u00edculos D\u00e9cimo Quinto, Trig\u00e9simo Primero y Trig\u00e9simo Tercero, fracci\u00f3n VI, del Estatuto de la Asociaci\u00f3n Nacional de Universidades e Instituciones de Educaci\u00f3n Superior (ANUIES), se &hellip; <\/p>\n","protected":false},"author":1,"featured_media":0,"parent":0,"menu_order":0,"comment_status":"closed","ping_status":"closed","template":"","meta":{"ngg_post_thumbnail":0,"footnotes":""},"class_list":["post-165","page","type-page","status-publish","hentry"],"_links":{"self":[{"href":"https:\/\/organoscolegiados.anuies.mx\/asambleageneral\/wp-json\/wp\/v2\/pages\/165","targetHints":{"allow":["GET"]}}],"collection":[{"href":"https:\/\/organoscolegiados.anuies.mx\/asambleageneral\/wp-json\/wp\/v2\/pages"}],"about":[{"href":"https:\/\/organoscolegiados.anuies.mx\/asambleageneral\/wp-json\/wp\/v2\/types\/page"}],"author":[{"embeddable":true,"href":"https:\/\/organoscolegiados.anuies.mx\/asambleageneral\/wp-json\/wp\/v2\/users\/1"}],"replies":[{"embeddable":true,"href":"https:\/\/organoscolegiados.anuies.mx\/asambleageneral\/wp-json\/wp\/v2\/comments?post=165"}],"version-history":[{"count":6,"href":"https:\/\/organoscolegiados.anuies.mx\/asambleageneral\/wp-json\/wp\/v2\/pages\/165\/revisions"}],"predecessor-version":[{"id":438,"href":"https:\/\/organoscolegiados.anuies.mx\/asambleageneral\/wp-json\/wp\/v2\/pages\/165\/revisions\/438"}],"wp:attachment":[{"href":"https:\/\/organoscolegiados.anuies.mx\/asambleageneral\/wp-json\/wp\/v2\/media?parent=165"}],"curies":[{"name":"wp","href":"https:\/\/api.w.org\/{rel}","templated":true}]}}