{"id":201,"date":"2019-11-07T18:05:49","date_gmt":"2019-11-07T17:05:49","guid":{"rendered":"https:\/\/organoscolegiados.anuies.mx\/asambleageneral\/?page_id=201"},"modified":"2020-04-03T02:14:44","modified_gmt":"2020-04-03T00:14:44","slug":"xxvii-extraordinaria","status":"publish","type":"page","link":"https:\/\/organoscolegiados.anuies.mx\/asambleageneral\/xxvii-extraordinaria\/","title":{"rendered":""},"content":{"rendered":"<div id=\"pl-201\"  class=\"panel-layout\" ><div id=\"pg-201-0\"  class=\"panel-grid panel-no-style\" ><div id=\"pgc-201-0-0\"  class=\"panel-grid-cell\" ><div id=\"panel-201-0-0-0\" class=\"so-panel widget widget_sow-editor panel-first-child panel-last-child\" data-index=\"0\" ><div\n\t\t\t\n\t\t\tclass=\"so-widget-sow-editor so-widget-sow-editor-base\"\n\t\t\t\n\t\t>\n<div class=\"siteorigin-widget-tinymce textwidget\">\n\t<p align=\"center\"><img loading=\"lazy\" decoding=\"async\" class=\"alignnone wp-image-208\" src=\"https:\/\/organoscolegiados.anuies.mx\/asambleageneral\/wp-content\/uploads\/sites\/3\/2019\/11\/cabeceraasmbleaexxxvii.jpg\" alt=\"\" width=\"1211\" height=\"162\" srcset=\"https:\/\/organoscolegiados.anuies.mx\/asambleageneral\/wp-content\/uploads\/sites\/3\/2019\/11\/cabeceraasmbleaexxxvii.jpg 1024w, https:\/\/organoscolegiados.anuies.mx\/asambleageneral\/wp-content\/uploads\/sites\/3\/2019\/11\/cabeceraasmbleaexxxvii-300x40.jpg 300w, https:\/\/organoscolegiados.anuies.mx\/asambleageneral\/wp-content\/uploads\/sites\/3\/2019\/11\/cabeceraasmbleaexxxvii-768x103.jpg 768w\" sizes=\"auto, (max-width: 1211px) 100vw, 1211px\" \/><\/p>\n<p style=\"text-align: center\" align=\"center\"><strong>CONVOCATORIA<\/strong><\/p>\n<p style=\"text-align: justify\">Por acuerdo 18.1.13 del Consejo Nacional de fecha 14 de marzo de 2018, y con fundamento en los art\u00edculos D\u00e9cimo S\u00e9ptimo, Vig\u00e9simo, fracciones II y XIV, y Trig\u00e9simo Tercero, fracci\u00f3n VI del Estatuto de la Asociaci\u00f3n Nacional de Universidades e Instituciones de Educaci\u00f3n Superior de la Rep\u00fablica Mexicana, A.C., se convoca a los titulares de las instituciones que integran la Asamblea General a la XXVII Sesi\u00f3n Extraordinaria, la cual se celebrar\u00e1 el 22 de junio de 2018 al t\u00e9rmino de la LIII Sesi\u00f3n Ordinaria, en el Centro de Innovaci\u00f3n y Desarrollo de esta Asociaci\u00f3n, ubicado en Miguel Laurent No. 961, Col. Santa Cruz Atoyac, Del. Benito Ju\u00e1rez, C.P. 03310, Ciudad de M\u00e9xico, bajo el siguiente:<\/p>\n<p style=\"text-align: center\"><b>ORDEN DEL D\u00cdA<\/b><b>\u00a0<\/b><\/p>\n<p style=\"text-align: justify\">1.-\u00a0<a href=\"https:\/\/organoscolegiados.anuies.mx\/asambleageneral\/wp-content\/uploads\/sites\/3\/2019\/11\/1.-Lista-de-miembros-XXVII-SE-AG-220618.pdf\" target=\"_blank\" rel=\"noopener noreferrer\">Lista de asistencia y verificaci\u00f3n de\u00a0<em>qu\u00f3rum<\/em>.<\/a><\/p>\n<p style=\"text-align: justify\"><a href=\"https:\/\/organoscolegiados.anuies.mx\/asambleageneral\/wp-content\/uploads\/sites\/3\/2020\/04\/Aprobaci\u00f3n-del-Orden-del-Dia-XXVII.pdf\" target=\"_blank\" rel=\"noopener\">2.-\u00a0Aprobaci\u00f3n del Orden del D\u00eda.<\/a><\/p>\n<p style=\"text-align: justify\"><a href=\"https:\/\/organoscolegiados.anuies.mx\/asambleageneral\/wp-content\/uploads\/sites\/3\/2020\/03\/Elecci\u00f3n-de-dos-relatores-y-dos-escrutadores-XXVII.pdf\" target=\"_blank\" rel=\"noopener\">3.- Elecci\u00f3n de dos relatores y dos escrutadores.<\/a><\/p>\n<p style=\"text-align: justify\"><a href=\"https:\/\/organoscolegiados.anuies.mx\/asambleageneral\/wp-content\/uploads\/sites\/3\/2019\/11\/4.-Acta-XXVI-SE-AG-230518.pdf\" target=\"_blank\" rel=\"noopener\">4.-\u00a0Lectura y aprobaci\u00f3n, en su caso, del Acta de la XXVI Sesi\u00f3n Extraordinaria de la Asamblea General.<\/a><\/p>\n<p style=\"text-align: justify;padding-left: 40px\"><a href=\"https:\/\/organoscolegiados.anuies.mx\/asambleageneral\/wp-content\/uploads\/sites\/3\/2020\/04\/Lectura-y-aprobaci\u00f3n-del-Acta-XXVII.pdf\" target=\"_blank\" rel=\"noopener\">4.1 Aprobaci\u00f3n del Acta de la XXVI Sesi\u00f3n Extraordinaria<\/a><\/p>\n<p style=\"text-align: justify\">5.-\u00a0<a href=\"https:\/\/organoscolegiados.anuies.mx\/asambleageneral\/wp-content\/uploads\/sites\/3\/2019\/11\/5.-Proyecto-de-modificaciones-al-Estatuto-de-la-ANUIES-final-140518.pdf\" target=\"_blank\" rel=\"noopener noreferrer\">Aprobaci\u00f3n, en su caso, de las modificaciones a los art\u00edculos Trig\u00e9simo Quinto, Trig\u00e9simo S\u00e9ptimo y Cuadrag\u00e9simo Primero del Estatuto de la ANUIES.<\/a><\/p>\n<p style=\"text-align: justify\"><a href=\"https:\/\/organoscolegiados.anuies.mx\/asambleageneral\/wp-content\/uploads\/sites\/3\/2020\/03\/Designaci\u00f3n-de-Delgado-Especial-XXVII.pdf\" target=\"_blank\" rel=\"noopener\">6.- Designaci\u00f3n de Delegado Especial.<\/a><\/p>\n<\/div>\n<\/div><\/div><\/div><\/div><div id=\"pg-201-1\"  class=\"panel-grid panel-no-style\" ><div id=\"pgc-201-1-0\"  class=\"panel-grid-cell\" ><div id=\"panel-201-1-0-0\" class=\"so-panel widget widget_sow-editor panel-first-child panel-last-child\" data-index=\"1\" ><div\n\t\t\t\n\t\t\tclass=\"so-widget-sow-editor so-widget-sow-editor-base\"\n\t\t\t\n\t\t>\n<div class=\"siteorigin-widget-tinymce textwidget\">\n\t<p style=\"text-align: center;\"><strong>Dra. Diana Guill\u00e9n<\/strong><\/p>\n<p style=\"text-align: center;\">Directora General del instituto de Investigaciones Dr. Jos\u00e9 Mar\u00eda Luis Mora<\/p>\n<p style=\"text-align: center;\"><strong>Presidenta en turno<\/strong><\/p>\n<\/div>\n<\/div><\/div><\/div><div id=\"pgc-201-1-1\"  class=\"panel-grid-cell\" ><div id=\"panel-201-1-1-0\" class=\"so-panel widget widget_sow-editor panel-first-child panel-last-child\" data-index=\"2\" ><div\n\t\t\t\n\t\t\tclass=\"so-widget-sow-editor so-widget-sow-editor-base\"\n\t\t\t\n\t\t>\n<div class=\"siteorigin-widget-tinymce textwidget\">\n\t<p style=\"text-align: center;\"><strong>Mtro. Jaime Valls Esponda<\/strong><\/p>\n<p style=\"text-align: center;\">Secretario General Ejecutivo de la ANUIES<\/p>\n<p style=\"text-align: center;\"><strong>Secretario<\/strong><\/p>\n<\/div>\n<\/div><\/div><\/div><\/div><\/div>","protected":false},"excerpt":{"rendered":"<p>CONVOCATORIA Por acuerdo 18.1.13 del Consejo Nacional de fecha 14 de marzo de 2018, y con fundamento en los art\u00edculos D\u00e9cimo S\u00e9ptimo, Vig\u00e9simo, fracciones II y XIV, y Trig\u00e9simo Tercero, &hellip; <\/p>\n","protected":false},"author":1,"featured_media":0,"parent":0,"menu_order":0,"comment_status":"closed","ping_status":"closed","template":"","meta":{"ngg_post_thumbnail":0,"footnotes":""},"class_list":["post-201","page","type-page","status-publish","hentry"],"_links":{"self":[{"href":"https:\/\/organoscolegiados.anuies.mx\/asambleageneral\/wp-json\/wp\/v2\/pages\/201","targetHints":{"allow":["GET"]}}],"collection":[{"href":"https:\/\/organoscolegiados.anuies.mx\/asambleageneral\/wp-json\/wp\/v2\/pages"}],"about":[{"href":"https:\/\/organoscolegiados.anuies.mx\/asambleageneral\/wp-json\/wp\/v2\/types\/page"}],"author":[{"embeddable":true,"href":"https:\/\/organoscolegiados.anuies.mx\/asambleageneral\/wp-json\/wp\/v2\/users\/1"}],"replies":[{"embeddable":true,"href":"https:\/\/organoscolegiados.anuies.mx\/asambleageneral\/wp-json\/wp\/v2\/comments?post=201"}],"version-history":[{"count":18,"href":"https:\/\/organoscolegiados.anuies.mx\/asambleageneral\/wp-json\/wp\/v2\/pages\/201\/revisions"}],"predecessor-version":[{"id":690,"href":"https:\/\/organoscolegiados.anuies.mx\/asambleageneral\/wp-json\/wp\/v2\/pages\/201\/revisions\/690"}],"wp:attachment":[{"href":"https:\/\/organoscolegiados.anuies.mx\/asambleageneral\/wp-json\/wp\/v2\/media?parent=201"}],"curies":[{"name":"wp","href":"https:\/\/api.w.org\/{rel}","templated":true}]}}