{"id":212,"date":"2019-11-07T19:09:10","date_gmt":"2019-11-07T18:09:10","guid":{"rendered":"https:\/\/organoscolegiados.anuies.mx\/asambleageneral\/?page_id=212"},"modified":"2019-11-07T19:10:35","modified_gmt":"2019-11-07T18:10:35","slug":"xxvi-extraordinaria","status":"publish","type":"page","link":"https:\/\/organoscolegiados.anuies.mx\/asambleageneral\/xxvi-extraordinaria\/","title":{"rendered":""},"content":{"rendered":"<p><img loading=\"lazy\" decoding=\"async\" class=\"alignnone size-full wp-image-217\" src=\"https:\/\/organoscolegiados.anuies.mx\/asambleageneral\/wp-content\/uploads\/sites\/3\/2019\/11\/cabezaxxvi_1.png\" alt=\"\" width=\"1245\" height=\"121\" srcset=\"https:\/\/organoscolegiados.anuies.mx\/asambleageneral\/wp-content\/uploads\/sites\/3\/2019\/11\/cabezaxxvi_1.png 1245w, https:\/\/organoscolegiados.anuies.mx\/asambleageneral\/wp-content\/uploads\/sites\/3\/2019\/11\/cabezaxxvi_1-300x29.png 300w, https:\/\/organoscolegiados.anuies.mx\/asambleageneral\/wp-content\/uploads\/sites\/3\/2019\/11\/cabezaxxvi_1-768x75.png 768w, https:\/\/organoscolegiados.anuies.mx\/asambleageneral\/wp-content\/uploads\/sites\/3\/2019\/11\/cabezaxxvi_1-1024x100.png 1024w\" sizes=\"auto, (max-width: 1245px) 100vw, 1245px\" \/><\/p>\n<p style=\"text-align: center;\"><strong>CONVOCATORIA<\/strong><\/p>\n<p style=\"text-align: justify;\">Por acuerdo 18.1.13 del Consejo Nacional de fecha 14 de marzo de 2018, y con fundamento en los art\u00edculos D\u00e9cimo S\u00e9ptimo, Vig\u00e9simo, fracciones ll y XlV, y Trig\u00e9simo Tercero, fracci\u00f3n Vl del Estatuto\u00a0de la Asociaci\u00f3n Nacional de Universidades e Instituciones de Educaci\u00f3n Superior de la Rep\u00fablica Mexicana, A.C., se convoca a los titulares de las instituciones que integran la Asamblea General a la XXVI Sesi\u00f3n Extraordinaria, la cual se celebrar\u00e1 de manera no presencial del 23 de mayo de 2018 a partir de las 10:00 horas al 30 de mayo de 2018 a las 20:00 horas, bajo el siguiente:<\/p>\n<p style=\"text-align: center;\">ORDEN DEL D\u00cdA<\/p>\n<p style=\"text-align: justify;\"><span style=\"color: #333333;\">1.-\u00a0<a style=\"color: #333333;\" href=\"https:\/\/organoscolegiados.anuies.mx\/asambleageneral\/wp-content\/uploads\/sites\/3\/2019\/11\/1.-Listado-miembros-de-la-AG.pdf\" target=\"_blank\" rel=\"noopener noreferrer\">Lista de asistencia y verificaci\u00f3n de qu\u00f3rum.<\/a><\/span><br \/>\n<span style=\"color: #333333;\">2.-\u00a0<a style=\"color: #333333;\" href=\"https:\/\/organoscolegiados.anuies.mx\/asambleageneral\/wp-content\/uploads\/sites\/3\/2019\/11\/2.-Convocatoria-XXVI-Asamblea-General-Extraordinaria.pdf\" target=\"_blank\" rel=\"noopener noreferrer\">Aprobaci\u00f3n del Orden del D\u00eda.<\/a><\/span><br \/>\n<span style=\"color: #333333;\">3.- Elecci\u00f3n de dos relatores y dos escrutadores,<\/span><br \/>\n<span style=\"color: #333333;\">4.-\u00a0<a style=\"color: #333333;\" href=\"https:\/\/organoscolegiados.anuies.mx\/asambleageneral\/wp-content\/uploads\/sites\/3\/2019\/11\/4.-Proyecto-de-modificaciones-al-Estatuto-de-la-ANUIES.pdf\" target=\"_blank\" rel=\"noopener noreferrer\">Aprobaci\u00f3n, en su caso, de las modificaciones a los art\u00edculos Trig\u00e9simo Quinto, Trig\u00e9simo S\u00e9ptimo y Cuadrag\u00e9simo Primero del Estatuto de la ANUIES.<\/a><\/span><br \/>\n<span style=\"color: #333333;\">5.- Designaci\u00f3n de Delegado Especial.<\/span><\/p>\n","protected":false},"excerpt":{"rendered":"<p>CONVOCATORIA Por acuerdo 18.1.13 del Consejo Nacional de fecha 14 de marzo de 2018, y con fundamento en los art\u00edculos D\u00e9cimo S\u00e9ptimo, Vig\u00e9simo, fracciones ll y XlV, y Trig\u00e9simo Tercero, &hellip; <\/p>\n","protected":false},"author":1,"featured_media":0,"parent":0,"menu_order":0,"comment_status":"closed","ping_status":"closed","template":"","meta":{"ngg_post_thumbnail":0,"footnotes":""},"class_list":["post-212","page","type-page","status-publish","hentry"],"_links":{"self":[{"href":"https:\/\/organoscolegiados.anuies.mx\/asambleageneral\/wp-json\/wp\/v2\/pages\/212","targetHints":{"allow":["GET"]}}],"collection":[{"href":"https:\/\/organoscolegiados.anuies.mx\/asambleageneral\/wp-json\/wp\/v2\/pages"}],"about":[{"href":"https:\/\/organoscolegiados.anuies.mx\/asambleageneral\/wp-json\/wp\/v2\/types\/page"}],"author":[{"embeddable":true,"href":"https:\/\/organoscolegiados.anuies.mx\/asambleageneral\/wp-json\/wp\/v2\/users\/1"}],"replies":[{"embeddable":true,"href":"https:\/\/organoscolegiados.anuies.mx\/asambleageneral\/wp-json\/wp\/v2\/comments?post=212"}],"version-history":[{"count":3,"href":"https:\/\/organoscolegiados.anuies.mx\/asambleageneral\/wp-json\/wp\/v2\/pages\/212\/revisions"}],"predecessor-version":[{"id":219,"href":"https:\/\/organoscolegiados.anuies.mx\/asambleageneral\/wp-json\/wp\/v2\/pages\/212\/revisions\/219"}],"wp:attachment":[{"href":"https:\/\/organoscolegiados.anuies.mx\/asambleageneral\/wp-json\/wp\/v2\/media?parent=212"}],"curies":[{"name":"wp","href":"https:\/\/api.w.org\/{rel}","templated":true}]}}