{"id":285,"date":"2019-11-07T21:10:26","date_gmt":"2019-11-07T20:10:26","guid":{"rendered":"https:\/\/organoscolegiados.anuies.mx\/asambleageneral\/?page_id=285"},"modified":"2020-04-02T20:14:05","modified_gmt":"2020-04-02T18:14:05","slug":"xlix-ordinaria","status":"publish","type":"page","link":"https:\/\/organoscolegiados.anuies.mx\/asambleageneral\/xlix-ordinaria\/","title":{"rendered":""},"content":{"rendered":"<div id=\"pl-285\"  class=\"panel-layout\" ><div id=\"pg-285-0\"  class=\"panel-grid panel-no-style\" ><div id=\"pgc-285-0-0\"  class=\"panel-grid-cell\" ><div id=\"panel-285-0-0-0\" class=\"so-panel widget widget_sow-editor panel-first-child panel-last-child\" data-index=\"0\" ><div\n\t\t\t\n\t\t\tclass=\"so-widget-sow-editor so-widget-sow-editor-base\"\n\t\t\t\n\t\t>\n<div class=\"siteorigin-widget-tinymce textwidget\">\n\t<p align=\"center\"><img loading=\"lazy\" decoding=\"async\" class=\"alignnone size-full wp-image-286\" src=\"https:\/\/organoscolegiados.anuies.mx\/asambleageneral\/wp-content\/uploads\/sites\/3\/2019\/11\/cabezalxlixasamblea.png\" alt=\"\" width=\"1245\" height=\"121\" \/><\/p>\n<p style=\"text-align: center\" align=\"center\"><span style=\"color: #000000\"><strong>CONVOCATORIA<\/strong><\/span><\/p>\n<p style=\"text-align: justify\"><span style=\"color: #000000\">Por acuerdo del Consejo Nacional de fecha 24 de noviembre de 2015, y con fundamento en los art\u00edculos D\u00e9cimo Quinto, Trig\u00e9simo Primero y Trig\u00e9simo Tercero, fracci\u00f3n VI, del Estatuto de la Asociaci\u00f3n Nacional de Universidades e Instituciones de Educaci\u00f3n Superior (ANUIES), se convoca a los titulares de las instituciones que integran la Asamblea General a la XLIX Sesi\u00f3n Ordinaria que se efectuar\u00e1 el 24 de junio de 2016 a partir de las 10:00 horas en el Hotel Princess Mundo Imperial Riviera Diamante Acapulco, ubicado en Costera de las Palmas S\/N, Fracc. Granjas del Marqu\u00e9s, C.P. 39890, Acapulco, Gro., bajo el siguiente:<\/span><\/p>\n<p style=\"text-align: center\"><span style=\"color: #000000\"><b>ORDEN DEL D\u00cdA<\/b><b><\/b><\/span><\/p>\n<p><span style=\"color: #000000\">1.Lista de asistencia y verificaci\u00f3n de <i>qu\u00f3rum.<\/i><\/span><\/p>\n<p><span style=\"color: #000000\"><i><\/i><a style=\"color: #000000\" href=\"https:\/\/organoscolegiados.anuies.mx\/asambleageneral\/wp-content\/uploads\/sites\/3\/2020\/04\/Aprobaci\u00f3n-Orden-del-D\u00eda-XLIX.pdf\" target=\"_blank\" rel=\"noopener\">2. Aprobaci\u00f3n del Orden del D\u00eda.<\/a><\/span><\/p>\n<p><span style=\"color: #000000\"><a style=\"color: #000000\" href=\"https:\/\/organoscolegiados.anuies.mx\/asambleageneral\/wp-content\/uploads\/sites\/3\/2020\/03\/Nombramiento-del-Vicepresidente-de-la-Sesi\u00f3n.-XLIX.pdf\" target=\"_blank\" rel=\"noopener\">3.Nombramiento del Vicepresidente de la Sesi\u00f3n.<\/a><\/span><\/p>\n<p><span style=\"color: #000000\"><a style=\"color: #000000\" href=\"https:\/\/organoscolegiados.anuies.mx\/asambleageneral\/wp-content\/uploads\/sites\/3\/2020\/03\/Elecci\u00f3n-de-dos-relatores-y-dos-escrutadores.-XLIX.pdf\" target=\"_blank\" rel=\"noopener\">4.Elecci\u00f3n de dos relatores y dos escrutadores.<\/a><\/span><\/p>\n<p><span style=\"color: #000000\"><a href=\"https:\/\/organoscolegiados.anuies.mx\/asambleageneral\/wp-content\/uploads\/sites\/3\/2020\/04\/Acta-de-la-XLVIII-sesi\u00f3n-ordinaria-Asamblea-General-081215.pdf\" target=\"_blank\" rel=\"noopener\">5.Lectura y aprobaci\u00f3n, en su caso, del acta de la XLVIII Sesi\u00f3n Ordinaria de la Asamblea General.<\/a><br \/>\n<\/span><\/p>\n<p style=\"padding-left: 40px\"><a href=\"https:\/\/organoscolegiados.anuies.mx\/asambleageneral\/wp-content\/uploads\/sites\/3\/2020\/04\/Lectura-y-aprobaci\u00f3n-del-Acta-XLIX.pdf\" target=\"_blank\" rel=\"noopener\"><span style=\"color: #000000\">5.1 Aprobaci\u00f3n del acta de la XLVIII Sesi\u00f3n Ordinaria\u00a0<\/span><\/a><\/p>\n<p><span style=\"color: #000000\"><a style=\"color: #000000\" href=\"https:\/\/organoscolegiados.anuies.mx\/asambleageneral\/wp-content\/uploads\/sites\/3\/2020\/03\/13.-Estados-financieros-2015-auditados.XLIX_.pdf\" target=\"_blank\" rel=\"noopener\">6.Presentaci\u00f3n de los Estados Financieros de la ANUIES para el Ejercicio Fiscal 2015 dictaminados por el Auditor Externo.<\/a><\/span><\/p>\n<p><span style=\"color: #000000\"><a style=\"color: #000000\" href=\"https:\/\/organoscolegiados.anuies.mx\/asambleageneral\/wp-content\/uploads\/sites\/3\/2020\/03\/14.-Conferencia-ANUIES-2016.XLIX_.pdf\" target=\"_blank\" rel=\"noopener\">7.Presentaci\u00f3n del Programa General de la II Conferencia Internacional de Educaci\u00f3n Superior de la ANUIES.<\/a><\/span><\/p>\n<p><span style=\"color: #000000\">8.Presentaciones y exposiciones, en su caso, de los invitados especiales.<\/span><\/p>\n<p style=\"padding-left: 40px\"><span style=\"color: #000000\"><a style=\"color: #000000\" href=\"https:\/\/organoscolegiados.anuies.mx\/asambleageneral\/wp-content\/uploads\/sites\/3\/2020\/03\/SHCP-ANUIES.-XLIX.pdf\" target=\"_blank\" rel=\"noopener\">8.1 Dr. Osvaldo Antonio Sant\u00edn Quiroz, Jefe de la Oficina de Coordinaci\u00f3n de la Secretar\u00eda de Hacienda y Cr\u00e9dito P\u00fablico.<\/a><\/span><\/p>\n<p style=\"padding-left: 40px\"><span style=\"color: #000000\"><a style=\"color: #000000\" href=\"https:\/\/organoscolegiados.anuies.mx\/asambleageneral\/wp-content\/uploads\/sites\/3\/2020\/03\/OMENT-ANUIES.XLIX_.pdf\" target=\"_blank\" rel=\"noopener\">8.2 M.S.P. Yolanda Elva De la Garza Casas, Directora del Observatorio Mexicano de Enfermedades No Transmisibles.<\/a><\/span><\/p>\n<p><span style=\"color: #000000\"><a style=\"color: #000000\" href=\"https:\/\/organoscolegiados.anuies.mx\/asambleageneral\/wp-content\/uploads\/sites\/3\/2020\/03\/9.-Reconocimientos-expresidentes-y-exsecretarios-de-los-consejos-regionales.XLIX_.pdf\" target=\"_blank\" rel=\"noopener\">9.Reconocimiento a los presidentes y secretarios t\u00e9cnicos de los consejos regionales que concluyeron su periodo de gesti\u00f3n.<\/a><\/span><\/p>\n<p><span style=\"color: #000000\"><a style=\"color: #000000\" href=\"https:\/\/organoscolegiados.anuies.mx\/asambleageneral\/wp-content\/uploads\/sites\/3\/2020\/03\/17.-Distintivo-Vanguardia.XLIX_.pdf\" target=\"_blank\" rel=\"noopener\">10.Entrega del Distintivo de Idoneidad Curricular de la Licenciatura en Derecho que otorga la ANUIES y la SCJN.<\/a><\/span><\/p>\n<p><span style=\"color: #000000\">11.Conferencia magistral <em>El papel de las instituciones de educaci\u00f3n superior asociadas a la ANUIES en la prevenci\u00f3n nacional del delito<\/em>, a cargo del Lic. Miguel \u00c1ngel Osorio Chong, Secretario de Gobernaci\u00f3n, y firma del convenio ANUIES-SEGOB.<\/span><\/p>\n<p style=\"text-align: justify\"><span style=\"color: #000000\"><a style=\"color: #000000\" href=\"https:\/\/organoscolegiados.anuies.mx\/asambleageneral\/wp-content\/uploads\/sites\/3\/2020\/03\/Asuntos-generales.-XLIX.pdf\" target=\"_blank\" rel=\"noopener\">12.Asuntos generales.<\/a><\/span><\/p>\n<p style=\"padding-left: 40px\"><span style=\"color: #000000\"><a style=\"color: #000000\" href=\"https:\/\/organoscolegiados.anuies.mx\/asambleageneral\/wp-content\/uploads\/sites\/3\/2020\/03\/BANAMEX-ANUIES.XLIX_.pdf\" target=\"_blank\" rel=\"noopener\">12.1 Presentaci\u00f3n de la Lic. Mar\u00eda Ver\u00f3nica Solana Mart\u00ednez, Subdirectora de Compromiso Social BANAMEX.<\/a><\/span><\/p>\n<\/div>\n<\/div><\/div><\/div><\/div><div id=\"pg-285-1\"  class=\"panel-grid panel-no-style\" ><div id=\"pgc-285-1-0\"  class=\"panel-grid-cell\" ><div id=\"panel-285-1-0-0\" class=\"so-panel widget widget_sow-editor panel-first-child panel-last-child\" data-index=\"1\" ><div\n\t\t\t\n\t\t\tclass=\"so-widget-sow-editor so-widget-sow-editor-base\"\n\t\t\t\n\t\t>\n<div class=\"siteorigin-widget-tinymce textwidget\">\n\t<p style=\"text-align: center;\"><strong>Dr. Javier Salda\u00f1a Almaz\u00e1n<\/strong><br \/>\nRector de la Universidad Aut\u00f3noma de Guerrero<br \/>\n<strong>Presidente en turno<\/strong><\/p>\n<\/div>\n<\/div><\/div><\/div><div id=\"pgc-285-1-1\"  class=\"panel-grid-cell\" ><div id=\"panel-285-1-1-0\" class=\"so-panel widget widget_sow-editor panel-first-child panel-last-child\" data-index=\"2\" ><div\n\t\t\t\n\t\t\tclass=\"so-widget-sow-editor so-widget-sow-editor-base\"\n\t\t\t\n\t\t>\n<div class=\"siteorigin-widget-tinymce textwidget\">\n\t<p style=\"text-align: center;\"><strong>Mtro. Jaime Valls Esponda<\/strong><br \/>\nSecretario General Ejecutivo<br \/>\n<strong>Secretario<\/strong><\/p>\n<\/div>\n<\/div><\/div><\/div><\/div><\/div>","protected":false},"excerpt":{"rendered":"<p>CONVOCATORIA Por acuerdo del Consejo Nacional de fecha 24 de noviembre de 2015, y con fundamento en los art\u00edculos D\u00e9cimo Quinto, Trig\u00e9simo Primero y Trig\u00e9simo Tercero, fracci\u00f3n VI, del Estatuto &hellip; <\/p>\n","protected":false},"author":1,"featured_media":0,"parent":0,"menu_order":0,"comment_status":"closed","ping_status":"closed","template":"","meta":{"ngg_post_thumbnail":0,"footnotes":""},"class_list":["post-285","page","type-page","status-publish","hentry"],"_links":{"self":[{"href":"https:\/\/organoscolegiados.anuies.mx\/asambleageneral\/wp-json\/wp\/v2\/pages\/285","targetHints":{"allow":["GET"]}}],"collection":[{"href":"https:\/\/organoscolegiados.anuies.mx\/asambleageneral\/wp-json\/wp\/v2\/pages"}],"about":[{"href":"https:\/\/organoscolegiados.anuies.mx\/asambleageneral\/wp-json\/wp\/v2\/types\/page"}],"author":[{"embeddable":true,"href":"https:\/\/organoscolegiados.anuies.mx\/asambleageneral\/wp-json\/wp\/v2\/users\/1"}],"replies":[{"embeddable":true,"href":"https:\/\/organoscolegiados.anuies.mx\/asambleageneral\/wp-json\/wp\/v2\/comments?post=285"}],"version-history":[{"count":12,"href":"https:\/\/organoscolegiados.anuies.mx\/asambleageneral\/wp-json\/wp\/v2\/pages\/285\/revisions"}],"predecessor-version":[{"id":641,"href":"https:\/\/organoscolegiados.anuies.mx\/asambleageneral\/wp-json\/wp\/v2\/pages\/285\/revisions\/641"}],"wp:attachment":[{"href":"https:\/\/organoscolegiados.anuies.mx\/asambleageneral\/wp-json\/wp\/v2\/media?parent=285"}],"curies":[{"name":"wp","href":"https:\/\/api.w.org\/{rel}","templated":true}]}}