{"id":127,"date":"2019-10-24T20:51:24","date_gmt":"2019-10-24T18:51:24","guid":{"rendered":"https:\/\/organoscolegiados.anuies.mx\/consejonacional\/?page_id=127"},"modified":"2022-12-15T18:51:40","modified_gmt":"2022-12-15T17:51:40","slug":"cn12019","status":"publish","type":"page","link":"https:\/\/organoscolegiados.anuies.mx\/consejonacional\/cn12019\/","title":{"rendered":""},"content":{"rendered":"<div id=\"pl-127\"  class=\"panel-layout\" ><div id=\"pg-127-0\"  class=\"panel-grid panel-no-style\" ><div id=\"pgc-127-0-0\"  class=\"panel-grid-cell\" ><div id=\"panel-127-0-0-0\" class=\"so-panel widget widget_sow-editor panel-first-child panel-last-child\" data-index=\"0\" ><div\n\t\t\t\n\t\t\tclass=\"so-widget-sow-editor so-widget-sow-editor-base\"\n\t\t\t\n\t\t>\n<div class=\"siteorigin-widget-tinymce textwidget\">\n\t<p><img loading=\"lazy\" decoding=\"async\" class=\"alignnone size-full wp-image-132\" src=\"https:\/\/organoscolegiados.anuies.mx\/consejonacional\/wp-content\/uploads\/sites\/2\/2019\/10\/cabecera_20191.png\" alt=\"\" width=\"1245\" height=\"125\" srcset=\"https:\/\/organoscolegiados.anuies.mx\/consejonacional\/wp-content\/uploads\/sites\/2\/2019\/10\/cabecera_20191.png 1245w, https:\/\/organoscolegiados.anuies.mx\/consejonacional\/wp-content\/uploads\/sites\/2\/2019\/10\/cabecera_20191-300x30.png 300w, https:\/\/organoscolegiados.anuies.mx\/consejonacional\/wp-content\/uploads\/sites\/2\/2019\/10\/cabecera_20191-768x77.png 768w, https:\/\/organoscolegiados.anuies.mx\/consejonacional\/wp-content\/uploads\/sites\/2\/2019\/10\/cabecera_20191-1024x103.png 1024w\" sizes=\"auto, (max-width: 1245px) 100vw, 1245px\" \/><\/p>\n<p style=\"text-align: center;\"><strong>CONVOCATORIA<\/strong><\/p>\n<p>Con fundamento en los art\u00edculos Vig\u00e9simo Primero, Trig\u00e9simo Primero y Trig\u00e9simo Tercero, fracci\u00f3n VI, del Estatuto de la Asociaci\u00f3n Nacional de Universidades e Instituciones de Educaci\u00f3n Superior de la Rep\u00fablica Mexicana, A.C. (ANUIES), se convoca a los titulares de las instituciones que integran el Consejo Nacional a la Sesi\u00f3n Ordinaria 1.2019 que se celebrar\u00e1 el martes 19 de marzo de 2019, a partir de las 17:00 horas, en la Sala del Consejo Nacional de la ANUIES, ubicada en Tenayuca 200, Colonia Santa Cruz Atoyac, Alcald\u00eda Benito Ju\u00e1rez, C.P. 03310, Ciudad de M\u00e9xico, bajo el siguiente:<\/p>\n<p style=\"text-align: center;\"><b>ORDEN DEL D\u00cdA<\/b><\/p>\n<p>1.-\u00a0<a href=\"https:\/\/organoscolegiados.anuies.mx\/consejonacional\/wp-content\/uploads\/sites\/2\/2019\/10\/1.-Miembros-del-CN-de-la-ANUIES-2.pdf\" target=\"_blank\" rel=\"noopener\">Lista de asistencia y verificaci\u00f3n de\u00a0<em>qu\u00f3rum<\/em>.<\/a><\/p>\n<p><a href=\"https:\/\/organoscolegiados.anuies.mx\/consejonacional\/wp-content\/uploads\/sites\/2\/2020\/04\/Aprobaci\u00f3n-del-Orden-del-D\u00eda-1.SO_.19.pdf\" target=\"_blank\" rel=\"noopener\">2.-\u00a0Aprobaci\u00f3n del Orden del D\u00eda.<\/a><\/p>\n<p>3.-\u00a0<a href=\"https:\/\/organoscolegiados.anuies.mx\/consejonacional\/wp-content\/uploads\/sites\/2\/2019\/10\/3.-Acta-SO-4.2018-CN-UAS-211118.pdf\" target=\"_blank\" rel=\"noopener\">Lectura y aprobaci\u00f3n, en su caso, del Acta de la Sesi\u00f3n Ordinaria 4.2018.<\/a><\/p>\n<p style=\"padding-left: 40px;\"><a href=\"https:\/\/organoscolegiados.anuies.mx\/consejonacional\/wp-content\/uploads\/sites\/2\/2020\/04\/Aprobaci\u00f3n-y-Lectura-del-Acta-1.SO_.19.pdf\" target=\"_blank\" rel=\"noopener\">3.1 Aprobaci\u00f3n del Acta de la Sesi\u00f3n Ordinaria 4.2018<\/a><\/p>\n<p>4.- Presentaciones y exposiciones, en su caso, de invitados especiales.<\/p>\n<p style=\"padding-left: 40px;\">4.1\u00a0<a href=\"https:\/\/organoscolegiados.anuies.mx\/consejonacional\/wp-content\/uploads\/sites\/2\/2019\/10\/4.1.-Semblanza-Ing.-Alfonso-Ram\u00edrez-Lav\u00edn.pdf\" target=\"_blank\" rel=\"noopener\">Semblanza Ing. Alfonso Ram\u00edrez Lav\u00edn<\/a><\/p>\n<p style=\"padding-left: 40px;\">4.2\u00a0<a href=\"https:\/\/organoscolegiados.anuies.mx\/consejonacional\/wp-content\/uploads\/sites\/2\/2019\/10\/4.2.-Presentaci\u00f3n-Alianza-FiiDEM.pdf\" target=\"_blank\" rel=\"noopener\">Presentaci\u00f3n Alianza FiiDEM<\/a><\/p>\n<p>5.- Informe de actividades 2018 y del Programa de trabajo 2019 de la ANUIES.<\/p>\n<p style=\"padding-left: 40px;\">5.1.\u00a0<a href=\"https:\/\/organoscolegiados.anuies.mx\/consejonacional\/wp-content\/uploads\/sites\/2\/2019\/10\/5.1.-Informe-de-actividades-2018-ANUIES.pdf\" target=\"_blank\" rel=\"noopener\">Informe de actividades 2018 ANUIES<\/a><\/p>\n<p style=\"padding-left: 40px;\">5.2.\u00a0<a href=\"https:\/\/organoscolegiados.anuies.mx\/consejonacional\/wp-content\/uploads\/sites\/2\/2019\/10\/5.2-Programa-Anual-de-Trabajo-2019-de-la-SGE.pdf\" target=\"_blank\" rel=\"noopener\">Programa de trabajo 2019 ANUIES<\/a><\/p>\n<p>6.- Informes 2018 y Programas de trabajo 2019 de los consejos regionales.<\/p>\n<p style=\"padding-left: 40px;\">6.1.1. <a href=\"https:\/\/organoscolegiados.anuies.mx\/consejonacional\/wp-content\/uploads\/sites\/2\/2019\/10\/6.1.1.-Informe-anual-2018-CRSS.pdf\" target=\"_blank\" rel=\"noopener\">Informe anual 2018 CRSS<\/a><\/p>\n<p style=\"padding-left: 40px;\">6.1.2. <a href=\"https:\/\/organoscolegiados.anuies.mx\/consejonacional\/wp-content\/uploads\/sites\/2\/2019\/10\/6.1.2.-Programa-de-trabajo-2019-CRSS.pdf\" target=\"_blank\" rel=\"noopener\">Programa de trabajo 2019 CRSS<\/a><\/p>\n<p style=\"padding-left: 40px;\">6.2.1\u00a0<a href=\"https:\/\/organoscolegiados.anuies.mx\/consejonacional\/wp-content\/uploads\/sites\/2\/2019\/10\/6.2.1.-Informe-anual-2018-CRCS.pdf\" target=\"_blank\" rel=\"noopener\">Informe anual 2018 CRCS<\/a><\/p>\n<p style=\"padding-left: 40px;\">6.2.2\u00a0<a href=\"https:\/\/organoscolegiados.anuies.mx\/consejonacional\/wp-content\/uploads\/sites\/2\/2019\/10\/6.2.2.-Programa-de-trabajo-2019-CRCS.pdf\" target=\"_blank\" rel=\"noopener\">Programa de trabajo 2019 CRCS<\/a><\/p>\n<p style=\"padding-left: 40px;\">6.3.1\u00a0<a href=\"https:\/\/organoscolegiados.anuies.mx\/consejonacional\/wp-content\/uploads\/sites\/2\/2019\/10\/6.3.1-Informe-anual-2018-y-Programa-de-trabajo-2019-CRAM.pdf\" target=\"_blank\" rel=\"noopener\">Informe anual 2018 y Programa de trabajo 2019 CRAM<\/a><\/p>\n<p style=\"padding-left: 40px;\">6.3.1.1\u00a0<a href=\"https:\/\/organoscolegiados.anuies.mx\/consejonacional\/wp-content\/uploads\/sites\/2\/2019\/10\/6.3.1.1-Anexo-1-CRAM.pdf\" target=\"_blank\" rel=\"noopener\">Anexo 1 CRAM<\/a><\/p>\n<p style=\"padding-left: 40px;\">6.3.1.2\u00a0<a href=\"https:\/\/organoscolegiados.anuies.mx\/consejonacional\/wp-content\/uploads\/sites\/2\/2019\/10\/6.3.1.2.-Anexo-2-CRAM.pdf\" target=\"_blank\" rel=\"noopener\">Anexo 2 CRAM<\/a><\/p>\n<p style=\"padding-left: 40px;\">6.3.1.3\u00a0<a href=\"https:\/\/organoscolegiados.anuies.mx\/consejonacional\/wp-content\/uploads\/sites\/2\/2019\/10\/6.3.1.3.-Anexo-3-CRAM.pdf\" target=\"_blank\" rel=\"noopener\">Anexo 3 CRAM<\/a><\/p>\n<p style=\"padding-left: 40px;\">6.4.1.\u00a0<a href=\"https:\/\/www.flipsnack.com\/RCOANUIES\/informe-rco-anuies-2018-fdtjap3ix.html\" target=\"_blank\" rel=\"noopener\">Informe anual 2018 CRCO<\/a><\/p>\n<p style=\"padding-left: 40px;\">6.4.2.\u00a0<a href=\"https:\/\/www.flipsnack.com\/RCOANUIES\/programa-de-trabajo-2019-fvtmqj58t.html\" target=\"_blank\" rel=\"noopener\">Programa de trabajo 2019 CRCO<\/a><\/p>\n<p style=\"padding-left: 40px;\">6.5.1.\u00a0<a href=\"https:\/\/organoscolegiados.anuies.mx\/consejonacional\/wp-content\/uploads\/sites\/2\/2019\/10\/6.5.1.-Informe-anual-2018-CRNE.pdf\" target=\"_blank\" rel=\"noopener\">Informe anual 2018 CRNE<\/a><\/p>\n<p style=\"padding-left: 40px;\">6.5.2.\u00a0<a href=\"https:\/\/organoscolegiados.anuies.mx\/consejonacional\/wp-content\/uploads\/sites\/2\/2019\/10\/6.5.2.-Programa-de-trabajo-2019-CRNE.pdf\" target=\"_blank\" rel=\"noopener\">Programa de trabajo 2019 CRNE<\/a><\/p>\n<p style=\"padding-left: 40px;\">6.6.1.\u00a0<a href=\"https:\/\/organoscolegiados.anuies.mx\/consejonacional\/wp-content\/uploads\/sites\/2\/2019\/10\/6.6.1.-Informe-anual-2018-CRNO.pdf\" target=\"_blank\" rel=\"noopener\">Informe anual 2018 CRNO<\/a><\/p>\n<p style=\"padding-left: 40px;\"><a href=\"https:\/\/organoscolegiados.anuies.mx\/consejonacional\/wp-content\/uploads\/sites\/2\/2020\/04\/6.6.2.-Programa-de-trabajo-2019-CRNO.pdf\" target=\"_blank\" rel=\"noopener\">6.6.2.\u00a0Programa de trabajo 2019 CRNO<\/a><\/p>\n<p>7.-\u00a0<a href=\"https:\/\/organoscolegiados.anuies.mx\/consejonacional\/wp-content\/uploads\/sites\/2\/2019\/10\/7-2.pdf\" target=\"_blank\" rel=\"noopener\">Informe del ejercicio presupuestal 2018 de la ANUIES.<\/a><\/p>\n<p>8.-\u00a0<a href=\"https:\/\/organoscolegiados.anuies.mx\/consejonacional\/wp-content\/uploads\/sites\/2\/2019\/10\/8.pdf\" target=\"_blank\" rel=\"noopener\">An\u00e1lisis y aprobaci\u00f3n, en su caso, de los estados financieros 2018 de la ANUIES, dictaminados por el Auditor Externo.<\/a><\/p>\n<p>9.- An\u00e1lisis y aprobaci\u00f3n, en su caso, del Proyecto de Presupuesto Anual de Ingresos y Egresos 2019 de la ANUIES.<\/p>\n<p>10.- An\u00e1lisis y aprobaci\u00f3n, en su caso, de las convocatorias 2019 del Premio ANUIES.<\/p>\n<p style=\"padding-left: 40px;\">10.1.<a href=\"https:\/\/organoscolegiados.anuies.mx\/consejonacional\/wp-content\/uploads\/sites\/2\/2019\/10\/10.1.-Convoca_Tesis-Maestria19_3.pdf\" target=\"_blank\" rel=\"noopener\">\u00a0Convoca_Tesis Maestr\u00eda19_3<\/a><\/p>\n<p style=\"padding-left: 40px;\">10.2.\u00a0<a href=\"https:\/\/organoscolegiados.anuies.mx\/consejonacional\/wp-content\/uploads\/sites\/2\/2019\/10\/10.2.-Convoca_Tesis-Doctorado19_3.pdf\" target=\"_blank\" rel=\"noopener\">Convoca_Tesis Doctorado19_3<\/a><\/p>\n<p style=\"padding-left: 40px;\">10.3.\u00a0<a href=\"https:\/\/organoscolegiados.anuies.mx\/consejonacional\/wp-content\/uploads\/sites\/2\/2019\/10\/10.3.-Convoca_Contribucion19_3.pdf\" target=\"_blank\" rel=\"noopener\">Convoca_Contribuci\u00f3n19_3<\/a><\/p>\n<p>10.4.\u00a0<a href=\"https:\/\/organoscolegiados.anuies.mx\/consejonacional\/wp-content\/uploads\/sites\/2\/2019\/10\/10.4.-Convoca_Innovacion-en-docencia19_3.pdf\" target=\"_blank\" rel=\"noopener\">Convoca_Innovaci\u00f3n en docencia19_3<\/a><\/p>\n<p>11.- Presentaci\u00f3n y aprobaci\u00f3n, en su caso, de las propuestas de creaci\u00f3n de redes de colaboraci\u00f3n nacionales.<\/p>\n<p style=\"padding-left: 40px;\">11.1. <a href=\"https:\/\/organoscolegiados.anuies.mx\/consejonacional\/wp-content\/uploads\/sites\/2\/2019\/10\/11.1.1-Dictamen-sobre-Red-Nacional-de-Generacio\u0301n-de-Recursos.pdf\" target=\"_blank\" rel=\"noopener\">Dictamen sobre Red Nacional de Generacio\u0301n de Recursos<\/a><\/p>\n<p style=\"padding-left: 40px;\">11.2. <a href=\"https:\/\/organoscolegiados.anuies.mx\/consejonacional\/wp-content\/uploads\/sites\/2\/2019\/10\/11.1.2-Minuta-reunio\u0301n-27-feb-2019.pdf\" target=\"_blank\" rel=\"noopener\">Minuta reunio\u0301n 27 feb 2019<\/a><\/p>\n<p style=\"padding-left: 40px;\">11.3. <a href=\"https:\/\/organoscolegiados.anuies.mx\/consejonacional\/wp-content\/uploads\/sites\/2\/2019\/10\/11.1.2.-Solicitud-de-creacio\u0301n-y-plan-de-trabajo-Red-Nacional-de-Generacio\u0301n-de-Recursos.pdf\" target=\"_blank\" rel=\"noopener\">Solicitud de creacio\u0301n y plan de trabajo Red Nacional de Generacio\u0301n de Recursos<\/a><\/p>\n<p>12.- Presentaci\u00f3n de la propuesta de la Universidad Aut\u00f3noma de Nuevo Le\u00f3n para que el Centro de Innovaci\u00f3n y Desarrollo de la ANUIES lleve el nombre de \u201cAlfonso Rangel Guerra\u201d.<\/p>\n<p style=\"padding-left: 40px;\">12.1\u00a0<a href=\"https:\/\/organoscolegiados.anuies.mx\/consejonacional\/wp-content\/uploads\/sites\/2\/2019\/10\/12.1.-Oficio-UANL-CID-Alfonso-Rangel-Guerra.pdf\" target=\"_blank\" rel=\"noopener\">Oficio UANL CID Alfonso Rangel Guerra<\/a><\/p>\n<p style=\"padding-left: 40px;\">12.2\u00a0<a href=\"https:\/\/organoscolegiados.anuies.mx\/consejonacional\/wp-content\/uploads\/sites\/2\/2019\/10\/12.2-Semblanza-Dr.-Alfonso-Rangel-Guerra.pdf\" target=\"_blank\" rel=\"noopener\">Semblanza Dr. Alfonso Rangel Guerra<\/a><\/p>\n<p><a href=\"https:\/\/organoscolegiados.anuies.mx\/consejonacional\/wp-content\/uploads\/sites\/2\/2020\/04\/Asuntos-generales-1.SO_.19.pdf\" target=\"_blank\" rel=\"noopener\">13.- Asuntos generales.<\/a><\/p>\n<p style=\"padding-left: 40px;\">13.1.\u00a0<a href=\"https:\/\/organoscolegiados.anuies.mx\/consejonacional\/wp-content\/uploads\/sites\/2\/2019\/10\/13.1.-Convocatoria_BP_ense\u00f1anza-ingles_2019.pdf\" target=\"_blank\" rel=\"noopener\">Convocatoria_BP_ense\u00f1anza ingl\u00e9s_2019<\/a><\/p>\n<p style=\"padding-left: 40px;\">13.2.\u00a0<a href=\"https:\/\/organoscolegiados.anuies.mx\/consejonacional\/wp-content\/uploads\/sites\/2\/2019\/10\/13.2.-Avances-V-Conferencia-Internacional-ANUIES-2019.pdf\" target=\"_blank\" rel=\"noopener\">Avances V Conferencia Internacional ANUIES 2019<\/a><\/p>\n<p style=\"padding-left: 40px;\">13.3.\u00a0<a href=\"https:\/\/organoscolegiados.anuies.mx\/consejonacional\/wp-content\/uploads\/sites\/2\/2019\/10\/13.3.-Dictamen-de-la-C\u00e1m.-de-Dip.-sobre-la-reforma-educativa.pdf\" target=\"_blank\" rel=\"noopener\">Dictamen de la C\u00e1m. de Dip. sobre la reforma educativa<\/a><\/p>\n<p style=\"padding-left: 40px;\">13.4.\u00a0<a href=\"https:\/\/organoscolegiados.anuies.mx\/consejonacional\/wp-content\/uploads\/sites\/2\/2019\/10\/13.4.-Tercer-foro-de-rectores-universitarios-M\u00e9xico-China.pdf\" target=\"_blank\" rel=\"noopener\">Tercer foro de rectores universitarios M\u00e9xico-China<\/a><\/p>\n<p style=\"padding-left: 40px;\">13.5.\u00a0<a href=\"https:\/\/organoscolegiados.anuies.mx\/consejonacional\/wp-content\/uploads\/sites\/2\/2019\/10\/13.5.-Declaraci\u00f3n-de-Lima-IX-Encuentro-de-Redes.pdf\" target=\"_blank\" rel=\"noopener\">Declaraci\u00f3n de Lima IX Encuentro de Redes<\/a><\/p>\n<p style=\"padding-left: 40px;\">13.6.\u00a0<a href=\"https:\/\/organoscolegiados.anuies.mx\/consejonacional\/wp-content\/uploads\/sites\/2\/2019\/10\/13.6.-Industria-4.0-1.pdf\" target=\"_blank\" rel=\"noopener\">Industria 4.0<\/a><\/p>\n<p style=\"text-align: center;\"><strong>Mtro. Jaime Valls Esponda<\/strong><\/p>\n<p style=\"text-align: center;\">Secretario General Ejecutivo de la ANUIES<\/p>\n<\/div>\n<\/div><\/div><\/div><\/div><\/div>","protected":false},"excerpt":{"rendered":"<p>CONVOCATORIA Con fundamento en los art\u00edculos Vig\u00e9simo Primero, Trig\u00e9simo Primero y Trig\u00e9simo Tercero, fracci\u00f3n VI, del Estatuto de la Asociaci\u00f3n Nacional de Universidades e Instituciones de Educaci\u00f3n Superior de la &hellip; <\/p>\n","protected":false},"author":1,"featured_media":0,"parent":0,"menu_order":0,"comment_status":"closed","ping_status":"closed","template":"","meta":{"ngg_post_thumbnail":0,"footnotes":""},"class_list":["post-127","page","type-page","status-publish","hentry"],"_links":{"self":[{"href":"https:\/\/organoscolegiados.anuies.mx\/consejonacional\/wp-json\/wp\/v2\/pages\/127","targetHints":{"allow":["GET"]}}],"collection":[{"href":"https:\/\/organoscolegiados.anuies.mx\/consejonacional\/wp-json\/wp\/v2\/pages"}],"about":[{"href":"https:\/\/organoscolegiados.anuies.mx\/consejonacional\/wp-json\/wp\/v2\/types\/page"}],"author":[{"embeddable":true,"href":"https:\/\/organoscolegiados.anuies.mx\/consejonacional\/wp-json\/wp\/v2\/users\/1"}],"replies":[{"embeddable":true,"href":"https:\/\/organoscolegiados.anuies.mx\/consejonacional\/wp-json\/wp\/v2\/comments?post=127"}],"version-history":[{"count":20,"href":"https:\/\/organoscolegiados.anuies.mx\/consejonacional\/wp-json\/wp\/v2\/pages\/127\/revisions"}],"predecessor-version":[{"id":1615,"href":"https:\/\/organoscolegiados.anuies.mx\/consejonacional\/wp-json\/wp\/v2\/pages\/127\/revisions\/1615"}],"wp:attachment":[{"href":"https:\/\/organoscolegiados.anuies.mx\/consejonacional\/wp-json\/wp\/v2\/media?parent=127"}],"curies":[{"name":"wp","href":"https:\/\/api.w.org\/{rel}","templated":true}]}}