{"id":508,"date":"2019-11-25T20:49:23","date_gmt":"2019-11-25T19:49:23","guid":{"rendered":"https:\/\/organoscolegiados.anuies.mx\/cupria\/?page_id=508"},"modified":"2022-12-15T17:36:10","modified_gmt":"2022-12-15T16:36:10","slug":"xxxviii-cupria","status":"publish","type":"page","link":"https:\/\/organoscolegiados.anuies.mx\/cupria\/xxxviii-cupria\/","title":{"rendered":""},"content":{"rendered":"<div id=\"pl-508\"  class=\"panel-layout\" ><div id=\"pg-508-0\"  class=\"panel-grid panel-no-style\" ><div id=\"pgc-508-0-0\"  class=\"panel-grid-cell\" ><div id=\"panel-508-0-0-0\" class=\"so-panel widget widget_sow-editor panel-first-child panel-last-child\" data-index=\"0\" ><div\n\t\t\t\n\t\t\tclass=\"so-widget-sow-editor so-widget-sow-editor-base\"\n\t\t\t\n\t\t>\n<div class=\"siteorigin-widget-tinymce textwidget\">\n\t<p align=\"center\"><img loading=\"lazy\" decoding=\"async\" class=\"alignnone size-full wp-image-509\" src=\"https:\/\/organoscolegiados.anuies.mx\/cupria\/wp-content\/uploads\/sites\/4\/2019\/11\/MicrositioCUPRIA-Jun.jpg\" alt=\"\" width=\"970\" height=\"120\" srcset=\"https:\/\/organoscolegiados.anuies.mx\/cupria\/wp-content\/uploads\/sites\/4\/2019\/11\/MicrositioCUPRIA-Jun.jpg 970w, https:\/\/organoscolegiados.anuies.mx\/cupria\/wp-content\/uploads\/sites\/4\/2019\/11\/MicrositioCUPRIA-Jun-300x37.jpg 300w, https:\/\/organoscolegiados.anuies.mx\/cupria\/wp-content\/uploads\/sites\/4\/2019\/11\/MicrositioCUPRIA-Jun-768x95.jpg 768w\" sizes=\"auto, (max-width: 970px) 100vw, 970px\" \/><\/p>\n<p align=\"center\"><strong>CONVOCATORIA\u00a0<\/strong><\/p>\n<p style=\"text-align: justify\" align=\"justify\">Con fundamento en los art\u00edculos Trig\u00e9simo, Trig\u00e9simo Primero y Trig\u00e9simo Tercero, Fracci\u00f3n VI, del Estatuto de la Asociaci\u00f3n Nacional de Universidades e Instituciones de Educaci\u00f3n Superior, ANUIES, se convoca a los titulares de las instituciones que integran el Consejo de Universidades Particulares e Instituciones Afines, CUPRIA, a la XXXVIII Sesi\u00f3n Ordinaria que se celebrar\u00e1 el 30 de junio de 2014 a partir de las 10:00 horas, en las instalaciones de la Universidad Hip\u00f3crates ubicadas en la Avenida Andr\u00e9s de Urdaneta No. 360 y M. L\u00f3pez de Legazpi No. 22, Fraccionamiento Hornos, C.P. 39350, Acapulco, Gro., bajo el siguiente:<\/p>\n<p style=\"text-align: center\"><b>ORDEN DEL D\u00cdA<\/b><b><\/b><\/p>\n<p>1.\u00a0<a href=\"https:\/\/organoscolegiados.anuies.mx\/cupria\/wp-content\/uploads\/sites\/4\/2019\/11\/1.-DIRECTORIO-DEL-CUPRIA-30-05-2014.pdf\" target=\"_blank\" rel=\"noopener\">Lista de asistencia y verificaci\u00f3n de qu\u00f3rum.<\/a><br \/>\n2.\u00a0<a href=\"https:\/\/organoscolegiados.anuies.mx\/cupria\/wp-content\/uploads\/sites\/4\/2019\/11\/2.-CONVOCATORIA.pdf\" target=\"_blank\" rel=\"noopener\">Aprobaci\u00f3n del Orden del D\u00eda.<\/a><br \/>\n<a href=\"https:\/\/organoscolegiados.anuies.mx\/cupria\/wp-content\/uploads\/sites\/4\/2020\/03\/3.-Elecci\u00f3n-del-Vicepresidente-de-la-Sesi\u00f3n-7.pdf\" target=\"_blank\" rel=\"noopener\">3. Elecci\u00f3n del Vicepresidente de la Sesi\u00f3n.<\/a><br \/>\n<a href=\"https:\/\/organoscolegiados.anuies.mx\/cupria\/wp-content\/uploads\/sites\/4\/2020\/03\/4.-Lectura-y-aprobaci\u00f3n-en-su-caso-del-acta-de-la-XXXVII-Sesi\u00f3n-Ordinaria..pdf\" target=\"_blank\" rel=\"noopener\">4.\u00a0Lectura y aprobaci\u00f3n, en su caso, del acta de la XXXVII Sesi\u00f3n Ordinaria.<\/a><br \/>\n5.\u00a0<a href=\"https:\/\/organoscolegiados.anuies.mx\/cupria\/wp-content\/uploads\/sites\/4\/2019\/11\/5.-SEMBLANZAS-INVITADOS-ESPECIALES.pdf\" target=\"_blank\" rel=\"noopener\">Presentaciones y exposiciones, en su caso, de los invitados especiales.<\/a><\/p>\n<p style=\"padding-left: 40px\"><a href=\"https:\/\/organoscolegiados.anuies.mx\/cupria\/wp-content\/uploads\/sites\/4\/2020\/03\/5.1-Ponencia_rankings2014-definitiva.pdf\" target=\"_blank\" rel=\"noopener\">5.1 Francisco Javier Lozano Espinoza, Subdirector de seguimiento institucional, Direcci\u00f3n General de Evaluaci\u00f3n Institucional UNAM.<\/a><\/p>\n<p style=\"padding-left: 40px\">5.2 <a href=\"https:\/\/organoscolegiados.anuies.mx\/cupria\/wp-content\/uploads\/sites\/4\/2019\/11\/presentacionenrique-cabrero.pdf\" target=\"_blank\" rel=\"noopener\">Dr. Enrique Cabrero Mendoza, Director General del Consejo Nacional de Ciencia y Tecnolog\u00eda.<\/a><\/p>\n<p style=\"padding-left: 40px\">5.3 <a href=\"https:\/\/organoscolegiados.anuies.mx\/cupria\/wp-content\/uploads\/sites\/4\/2019\/11\/migallon.pdf\" target=\"_blank\" rel=\"noopener\">Dr. Fernando Serrano Migall\u00f3n, Subsecretario de Educaci\u00f3n Superior de la Secretar\u00eda de Educaci\u00f3n P\u00fablica.<\/a><\/p>\n<p>6.\u00a0<a href=\"https:\/\/organoscolegiados.anuies.mx\/cupria\/wp-content\/uploads\/sites\/4\/2019\/11\/6.-SIMPLIFICACI\u00d3N-ADMINISTRATIVA-SEP.pdf\" target=\"_blank\" rel=\"noopener\">Integraci\u00f3n de una comisi\u00f3n interinstitucional encargada de proponer un convenio de concertaci\u00f3n entre la ANUIES y la SEP que permita a las IES particulares acceder al Programa de Simplificaci\u00f3n Administrativa.<\/a><\/p>\n<p>7. Asuntos generales.<\/p>\n<p><a href=\"https:\/\/organoscolegiados.anuies.mx\/cupria\/wp-content\/uploads\/sites\/4\/2019\/11\/Comunicado-2.pdf\" target=\"_blank\" rel=\"noopener\">Comunicado<\/a><\/p>\n<p><a href=\"https:\/\/organoscolegiados.anuies.mx\/cupria\/wp-content\/uploads\/sites\/4\/2019\/11\/Discurso.pdf\" target=\"_blank\" rel=\"noopener\">Discurso<\/a><\/p>\n<\/div>\n<\/div><\/div><\/div><\/div><\/div>","protected":false},"excerpt":{"rendered":"<p>CONVOCATORIA\u00a0 Con fundamento en los art\u00edculos Trig\u00e9simo, Trig\u00e9simo Primero y Trig\u00e9simo Tercero, Fracci\u00f3n VI, del Estatuto de la Asociaci\u00f3n Nacional de Universidades e Instituciones de Educaci\u00f3n Superior, ANUIES, se convoca &hellip; <\/p>\n","protected":false},"author":1,"featured_media":0,"parent":0,"menu_order":0,"comment_status":"closed","ping_status":"closed","template":"","meta":{"footnotes":""},"class_list":["post-508","page","type-page","status-publish","hentry"],"_links":{"self":[{"href":"https:\/\/organoscolegiados.anuies.mx\/cupria\/wp-json\/wp\/v2\/pages\/508","targetHints":{"allow":["GET"]}}],"collection":[{"href":"https:\/\/organoscolegiados.anuies.mx\/cupria\/wp-json\/wp\/v2\/pages"}],"about":[{"href":"https:\/\/organoscolegiados.anuies.mx\/cupria\/wp-json\/wp\/v2\/types\/page"}],"author":[{"embeddable":true,"href":"https:\/\/organoscolegiados.anuies.mx\/cupria\/wp-json\/wp\/v2\/users\/1"}],"replies":[{"embeddable":true,"href":"https:\/\/organoscolegiados.anuies.mx\/cupria\/wp-json\/wp\/v2\/comments?post=508"}],"version-history":[{"count":11,"href":"https:\/\/organoscolegiados.anuies.mx\/cupria\/wp-json\/wp\/v2\/pages\/508\/revisions"}],"predecessor-version":[{"id":859,"href":"https:\/\/organoscolegiados.anuies.mx\/cupria\/wp-json\/wp\/v2\/pages\/508\/revisions\/859"}],"wp:attachment":[{"href":"https:\/\/organoscolegiados.anuies.mx\/cupria\/wp-json\/wp\/v2\/media?parent=508"}],"curies":[{"name":"wp","href":"https:\/\/api.w.org\/{rel}","templated":true}]}}